{"id":123,"date":"2025-11-22T13:50:28","date_gmt":"2025-11-22T12:50:28","guid":{"rendered":"https:\/\/praktickamediace.cz\/?page_id=123"},"modified":"2025-11-22T13:51:46","modified_gmt":"2025-11-22T12:51:46","slug":"ochrana-osobnich-udaju","status":"publish","type":"page","link":"https:\/\/praktickamediace.cz\/?page_id=123","title":{"rendered":"Ochrana osobn\u00edch \u00fadaj\u016f"},"content":{"rendered":"\t\t<div data-elementor-type=\"wp-page\" data-elementor-id=\"123\" class=\"elementor elementor-123\" data-elementor-post-type=\"page\">\n\t\t\t\t<div class=\"elementor-element elementor-element-d854e8a e-flex e-con-boxed e-con e-parent\" data-id=\"d854e8a\" data-element_type=\"container\" data-settings=\"{&quot;background_background&quot;:&quot;classic&quot;}\">\n\t\t\t\t\t<div class=\"e-con-inner\">\n\t\t\t\t<div class=\"elementor-element elementor-element-15bbee4c elementor-widget elementor-widget-spacer\" data-id=\"15bbee4c\" data-element_type=\"widget\" data-widget_type=\"spacer.default\">\n\t\t\t\t\t\t\t<div class=\"elementor-spacer\">\n\t\t\t<div class=\"elementor-spacer-inner\"><\/div>\n\t\t<\/div>\n\t\t\t\t\t\t<\/div>\n\t\t\t\t<div class=\"elementor-element elementor-element-7f237b11 elementor-widget elementor-widget-heading\" data-id=\"7f237b11\" data-element_type=\"widget\" data-widget_type=\"heading.default\">\n\t\t\t\t\t<h6 class=\"elementor-heading-title elementor-size-default\">Z\u00e1sady zpracov\u00e1n\u00ed osobn\u00edch \u00fadaj\u016f<\/h6>\t\t\t\t<\/div>\n\t\t\t\t<div class=\"elementor-element elementor-element-9c82668 elementor-widget elementor-widget-text-editor\" data-id=\"9c82668\" data-element_type=\"widget\" data-widget_type=\"text-editor.default\">\n\t\t\t\t\t\t\t\t\t<div><strong><em>Tento dokument v\u00e1m \u0159\u00edk\u00e1, jak pracujeme s va\u0161imi osobn\u00edmi \u00fadaji, kdy\u017e u n\u00e1s nakoup\u00edte knihu nebo nav\u0161t\u00edv\u00edte n\u00e1\u0161 web. Informace poskytujeme v souladu s \u010dl\u00e1nkem 13 na\u0159\u00edzen\u00ed GDPR.<\/em><\/strong><\/div><div><strong>\u00a0<\/strong><\/div><div><strong>Kdo je zodpov\u011bdn\u00fd za va\u0161e \u00fadaje<\/strong><\/div><div>JUDr. Radka Medkov\u00e1<\/div><div>Kmochova 10, 150 00 Praha 5<\/div><div>I\u010cO: 75478293<\/div><div>E-mail: radka@kurzymediace.cz<\/div><div>\u00a0<\/div><div><strong>Jak\u00e9 \u00fadaje zpracov\u00e1v\u00e1me a pro\u010d<\/strong><\/div><div>Va\u0161e jm\u00e9no, p\u0159\u00edjmen\u00ed, adresa, e-mail a telefon pou\u017e\u00edv\u00e1me proto, abychom v\u00e1m mohli knihu doru\u010dit a uzav\u0159\u00edt s v\u00e1mi smlouvu. Pr\u00e1vn\u00edm z\u00e1kladem je pln\u011bn\u00ed smlouvy podle \u010dl\u00e1nku 6 odstavec 1 p\u00edsm. b) GDPR.<\/div><div>V\u00e1\u0161 e-mail m\u016f\u017eeme vyu\u017e\u00edt tak\u00e9 k zas\u00edl\u00e1n\u00ed obchodn\u00edch sd\u011blen\u00ed, pokud jste u n\u00e1s u\u017e v minulosti nakoupili. To d\u011bl\u00e1me na z\u00e1klad\u011b opr\u00e1vn\u011bn\u00e9ho z\u00e1jmu podle \u010dl\u00e1nku 6 odstavec 1 p\u00edsm. f) GDPR, jak to umo\u017e\u0148uje recit\u00e1l 47 GDPR. Kdykoliv se m\u016f\u017eete odhl\u00e1sit.<\/div><div>IP adresu a cookies zpracov\u00e1v\u00e1me pro technick\u00e9 fungov\u00e1n\u00ed webu a pro anonymn\u00ed statistiky n\u00e1v\u0161t\u011bvnosti. Pr\u00e1vn\u00edm z\u00e1kladem je opr\u00e1vn\u011bn\u00fd z\u00e1jem podle \u010dl\u00e1nku 6 odstavec 1 p\u00edsm. f) GDPR.<\/div><div><strong>\u00a0<\/strong><\/div><div><strong>Komu m\u016f\u017eeme va\u0161e \u00fadaje p\u0159edat<\/strong><\/div><div>Va\u0161e \u00fadaje m\u016f\u017eeme sd\u00edlet s t\u011bmito subjekty:<\/div><div><strong>\u00a0<\/strong><\/div><div>&#8211; poskytovateli IT slu\u017eeb a hostingu na\u0161eho webu,<\/div><div>&#8211; provozovateli logistick\u00fdch slu\u017eeb, nap\u0159\u00edklad se Z\u00e1silkovnou,<\/div><div>&#8211; extern\u00edmi spr\u00e1vci e-mailov\u00fdch kampan\u00ed, pokud je budeme pou\u017e\u00edvat.<\/div><div><strong>\u00a0<\/strong><\/div><div>V\u0161ichni tito partne\u0159i jsou smluvn\u011b zav\u00e1z\u00e1ni chr\u00e1nit va\u0161e osobn\u00ed \u00fadaje.<\/div><div><strong>\u00a0<\/strong><\/div><div><strong>Jak dlouho va\u0161e \u00fadaje uchov\u00e1v\u00e1me<\/strong><\/div><div>\u00dadaje pot\u0159ebn\u00e9 pro uzav\u0159en\u00ed a spln\u011bn\u00ed smlouvy uchov\u00e1v\u00e1me po dobu p\u011bti let od doru\u010den\u00ed knihy.<\/div><div>E-mailov\u00e9 adresy pro marketingov\u00e9 \u00fa\u010dely pou\u017e\u00edv\u00e1me maxim\u00e1ln\u011b t\u0159i roky od va\u0161eho posledn\u00edho n\u00e1kupu, nebo do okam\u017eiku, kdy se odhl\u00e1s\u00edte.<\/div><div>Cookies uchov\u00e1v\u00e1m podle nastaven\u00ed va\u0161eho prohl\u00ed\u017ee\u010de, maxim\u00e1ln\u011b v\u0161ak 13 m\u011bs\u00edc\u016f.<\/div><div><strong>\u00a0<\/strong><\/div><div><strong>Va\u0161e pr\u00e1va<\/strong><\/div><div>M\u00e1te pr\u00e1vo na p\u0159\u00edstup ke sv\u00fdm osobn\u00edm \u00fadaj\u016fm, na jejich opravu nebo vymaz\u00e1n\u00ed a na omezen\u00ed zpracov\u00e1n\u00ed. M\u016f\u017eete tak\u00e9 vzn\u00e9st n\u00e1mitku proti zpracov\u00e1n\u00ed, zejm\u00e9na pokud jde o marketing. Pokud byste nebyli spokojeni s t\u00edm, jak va\u0161e \u00fadaje zpracov\u00e1v\u00e1me, m\u00e1te pr\u00e1vo podat st\u00ed\u017enost u \u00da\u0159adu pro ochranu osobn\u00edch \u00fadaj\u016f na www.uoou.cz.<\/div><div><strong>\u00a0<\/strong><\/div><div><strong>Jak pou\u017e\u00edv\u00e1me cookies<\/strong><\/div><div>Na webu pou\u017e\u00edv\u00e1me pouze technick\u00e9 cookies, kter\u00e9 jsou nezbytn\u00e9 pro jeho fungov\u00e1n\u00ed, a anonymn\u00ed cookies pro statistick\u00e9 \u00fa\u010dely, abychom vid\u011bli n\u00e1v\u0161t\u011bvnost str\u00e1nek. Nepou\u017e\u00edv\u00e1me cookies pro c\u00edlenou reklamu ani pro profilov\u00e1n\u00ed u\u017eivatel\u016f.<\/div><div><strong>\u00a0<\/strong><\/div><div><strong>Z\u00e1v\u011brem<\/strong><\/div><div>S va\u0161imi \u00fadaji pracujeme zodpov\u011bdn\u011b a v souladu s pravidly GDPR. Pokud m\u00e1te jak\u00e9koliv dotazy, napi\u0161te na radka@kurzymediace.cz.<\/div>\t\t\t\t\t\t\t\t<\/div>\n\t\t\t\t\t<\/div>\n\t\t\t\t<\/div>\n\t\t\t\t<\/div>\n\t\t","protected":false},"excerpt":{"rendered":"<p>Z\u00e1sady zpracov\u00e1n\u00ed osobn\u00edch \u00fadaj\u016f Tento dokument v\u00e1m \u0159\u00edk\u00e1, jak pracujeme s va\u0161imi osobn\u00edmi \u00fadaji, kdy\u017e u n\u00e1s nakoup\u00edte knihu nebo [&hellip;]<\/p>\n","protected":false},"author":1,"featured_media":0,"parent":0,"menu_order":0,"comment_status":"closed","ping_status":"closed","template":"","meta":{"site-sidebar-layout":"no-sidebar","site-content-layout":"","ast-site-content-layout":"full-width-container","site-content-style":"default","site-sidebar-style":"default","ast-global-header-display":"","ast-banner-title-visibility":"","ast-main-header-display":"","ast-hfb-above-header-display":"","ast-hfb-below-header-display":"","ast-hfb-mobile-header-display":"","site-post-title":"","ast-breadcrumbs-content":"","ast-featured-img":"disabled","footer-sml-layout":"","ast-disable-related-posts":"","theme-transparent-header-meta":"","adv-header-id-meta":"","stick-header-meta":"","header-above-stick-meta":"","header-main-stick-meta":"","header-below-stick-meta":"","astra-migrate-meta-layouts":"default","ast-page-background-enabled":"default","ast-page-background-meta":{"desktop":{"background-color":"var(--ast-global-color-5)","background-image":"","background-repeat":"repeat","background-position":"center center","background-size":"auto","background-attachment":"scroll","background-type":"","background-media":"","overlay-type":"","overlay-color":"","overlay-opacity":"","overlay-gradient":""},"tablet":{"background-color":"","background-image":"","background-repeat":"repeat","background-position":"center center","background-size":"auto","background-attachment":"scroll","background-type":"","background-media":"","overlay-type":"","overlay-color":"","overlay-opacity":"","overlay-gradient":""},"mobile":{"background-color":"","background-image":"","background-repeat":"repeat","background-position":"center center","background-size":"auto","background-attachment":"scroll","background-type":"","background-media":"","overlay-type":"","overlay-color":"","overlay-opacity":"","overlay-gradient":""}},"ast-content-background-meta":{"desktop":{"background-color":"var(--ast-global-color-4)","background-image":"","background-repeat":"repeat","background-position":"center center","background-size":"auto","background-attachment":"scroll","background-type":"","background-media":"","overlay-type":"","overlay-color":"","overlay-opacity":"","overlay-gradient":""},"tablet":{"background-color":"var(--ast-global-color-4)","background-image":"","background-repeat":"repeat","background-position":"center center","background-size":"auto","background-attachment":"scroll","background-type":"","background-media":"","overlay-type":"","overlay-color":"","overlay-opacity":"","overlay-gradient":""},"mobile":{"background-color":"var(--ast-global-color-4)","background-image":"","background-repeat":"repeat","background-position":"center center","background-size":"auto","background-attachment":"scroll","background-type":"","background-media":"","overlay-type":"","overlay-color":"","overlay-opacity":"","overlay-gradient":""}},"footnotes":""},"class_list":["post-123","page","type-page","status-publish","hentry"],"_links":{"self":[{"href":"https:\/\/praktickamediace.cz\/index.php?rest_route=\/wp\/v2\/pages\/123","targetHints":{"allow":["GET"]}}],"collection":[{"href":"https:\/\/praktickamediace.cz\/index.php?rest_route=\/wp\/v2\/pages"}],"about":[{"href":"https:\/\/praktickamediace.cz\/index.php?rest_route=\/wp\/v2\/types\/page"}],"author":[{"embeddable":true,"href":"https:\/\/praktickamediace.cz\/index.php?rest_route=\/wp\/v2\/users\/1"}],"replies":[{"embeddable":true,"href":"https:\/\/praktickamediace.cz\/index.php?rest_route=%2Fwp%2Fv2%2Fcomments&post=123"}],"version-history":[{"count":4,"href":"https:\/\/praktickamediace.cz\/index.php?rest_route=\/wp\/v2\/pages\/123\/revisions"}],"predecessor-version":[{"id":128,"href":"https:\/\/praktickamediace.cz\/index.php?rest_route=\/wp\/v2\/pages\/123\/revisions\/128"}],"wp:attachment":[{"href":"https:\/\/praktickamediace.cz\/index.php?rest_route=%2Fwp%2Fv2%2Fmedia&parent=123"}],"curies":[{"name":"wp","href":"https:\/\/api.w.org\/{rel}","templated":true}]}}