{"id":15,"date":"2025-11-20T20:27:37","date_gmt":"2025-11-20T19:27:37","guid":{"rendered":"https:\/\/praktickamediace.cz\/?page_id=15"},"modified":"2025-11-22T22:56:08","modified_gmt":"2025-11-22T21:56:08","slug":"prakticka-mediace","status":"publish","type":"page","link":"https:\/\/praktickamediace.cz\/","title":{"rendered":"Praktick\u00e1 mediace"},"content":{"rendered":"\t\t<div data-elementor-type=\"wp-page\" data-elementor-id=\"15\" class=\"elementor elementor-15\" data-elementor-post-type=\"page\">\n\t\t\t\t<div class=\"elementor-element elementor-element-602b7ac9 e-flex e-con-boxed e-con e-parent\" data-id=\"602b7ac9\" data-element_type=\"container\" data-settings=\"{&quot;background_background&quot;:&quot;classic&quot;}\">\n\t\t\t\t\t<div class=\"e-con-inner\">\n\t\t\t\t<div class=\"elementor-element elementor-element-3aa6002c elementor-widget elementor-widget-heading\" data-id=\"3aa6002c\" data-element_type=\"widget\" data-widget_type=\"heading.default\">\n\t\t\t\t\t<h1 class=\"elementor-heading-title elementor-size-default\">Otev\u0159ete dve\u0159e k efektivn\u00edmu \u0159e\u0161en\u00ed konflikt\u016f s na\u0161imi knihami<\/h1>\t\t\t\t<\/div>\n\t\t\t\t<div class=\"elementor-element elementor-element-3509e9fa elementor-align-center elementor-widget elementor-widget-button\" data-id=\"3509e9fa\" data-element_type=\"widget\" data-widget_type=\"button.default\">\n\t\t\t\t\t\t\t\t\t\t<a class=\"elementor-button elementor-button-link elementor-size-sm\" href=\"https:\/\/praktickamediace.cz\/?product=prakticka-mediace-konkretni-postupy-formulace-a-priklady-z-facilitativni-mediacni-praxe\">\n\t\t\t\t\t\t<span class=\"elementor-button-content-wrapper\">\n\t\t\t\t\t\t\t\t\t<span class=\"elementor-button-text\">Z\u00edskat knihu Praktick\u00e1 mediace<\/span>\n\t\t\t\t\t<\/span>\n\t\t\t\t\t<\/a>\n\t\t\t\t\t\t\t\t<\/div>\n\t\t\t\t<div class=\"elementor-element elementor-element-7c01e8f elementor-align-center elementor-widget elementor-widget-button\" data-id=\"7c01e8f\" data-element_type=\"widget\" data-widget_type=\"button.default\">\n\t\t\t\t\t\t\t\t\t\t<a class=\"elementor-button elementor-button-link elementor-size-sm\" href=\"https:\/\/praktickamediace.cz\/?product=moudroprudiva-okenka-mediatorovy-kapesni-tahaky\">\n\t\t\t\t\t\t<span class=\"elementor-button-content-wrapper\">\n\t\t\t\t\t\t\t\t\t<span class=\"elementor-button-text\">Z\u00edskat Moudroprudiv\u00e1 ok\u00e9nka - medi\u00e1torovy kapesn\u00ed tah\u00e1ky<\/span>\n\t\t\t\t\t<\/span>\n\t\t\t\t\t<\/a>\n\t\t\t\t\t\t\t\t<\/div>\n\t\t\t\t\t<\/div>\n\t\t\t\t<\/div>\n\t\t<div class=\"elementor-element elementor-element-1565843 e-flex e-con-boxed e-con e-parent\" data-id=\"1565843\" data-element_type=\"container\" data-settings=\"{&quot;background_background&quot;:&quot;classic&quot;}\">\n\t\t\t\t\t<div class=\"e-con-inner\">\n\t\t\t\t<div class=\"elementor-element elementor-element-601555d elementor-widget elementor-widget-text-editor\" data-id=\"601555d\" data-element_type=\"widget\" data-widget_type=\"text-editor.default\">\n\t\t\t\t\t\t\t\t\t<p><strong><br \/>Knihu si m\u016f\u017eete vyzvednout tak\u00e9 osobn\u011b na adrese: Kmochova 10, Praha 5 (po p\u0159edchoz\u00ed tel. domluv\u011b na \u010d\u00edsle: 737 980 997)<\/strong><\/p>\t\t\t\t\t\t\t\t<\/div>\n\t\t\t\t\t<\/div>\n\t\t\t\t<\/div>\n\t\t<div class=\"elementor-element elementor-element-fc76b1f e-flex e-con-boxed e-con e-parent\" data-id=\"fc76b1f\" data-element_type=\"container\" data-settings=\"{&quot;background_background&quot;:&quot;classic&quot;}\">\n\t\t\t\t\t<div class=\"e-con-inner\">\n\t\t\t\t<div class=\"elementor-element elementor-element-61fc68d elementor-widget elementor-widget-heading\" data-id=\"61fc68d\" data-element_type=\"widget\" data-widget_type=\"heading.default\">\n\t\t\t\t\t<h6 class=\"elementor-heading-title elementor-size-default\">St\u00e1hn\u011bte si zdarma dva praktick\u00e9 e-booky, kter\u00e9 v\u00e1m krok za krokem vysv\u011btl\u00ed, co obn\u00e1\u0161\u00ed na\u0159\u00edzen\u00e9 setk\u00e1n\u00ed s medi\u00e1torem a jak se na n\u011bj p\u0159ipravit.<\/h6>\t\t\t\t<\/div>\n\t\t<div class=\"elementor-element elementor-element-052654b e-grid e-con-full e-con e-child\" data-id=\"052654b\" data-element_type=\"container\">\n\t\t\t\t<div class=\"elementor-element elementor-element-8014bb5 elementor-align-center elementor-widget elementor-widget-button\" data-id=\"8014bb5\" data-element_type=\"widget\" data-widget_type=\"button.default\">\n\t\t\t\t\t\t\t\t\t\t<a class=\"elementor-button elementor-button-link elementor-size-sm\" href=\"https:\/\/praktickamediace.cz\/wp-content\/uploads\/2025\/11\/narizene-setkani-s-mediatorem-nove-1.pdf\" target=\"_blank\">\n\t\t\t\t\t\t<span class=\"elementor-button-content-wrapper\">\n\t\t\t\t\t\t\t\t\t<span class=\"elementor-button-text\">Na\u0159\u00edzen\u00e9 setk\u00e1n\u00ed s medi\u00e1torem<\/span>\n\t\t\t\t\t<\/span>\n\t\t\t\t\t<\/a>\n\t\t\t\t\t\t\t\t<\/div>\n\t\t\t\t<div class=\"elementor-element elementor-element-3231941 elementor-align-center elementor-widget elementor-widget-button\" data-id=\"3231941\" data-element_type=\"widget\" data-widget_type=\"button.default\">\n\t\t\t\t\t\t\t\t\t\t<a class=\"elementor-button elementor-button-link elementor-size-sm\" href=\"https:\/\/praktickamediace.cz\/wp-content\/uploads\/2025\/11\/jak-postupovat-pri-sjednavani-narizeneho-setkani-s-mediatorem-2.pdf\" target=\"_blank\">\n\t\t\t\t\t\t<span class=\"elementor-button-content-wrapper\">\n\t\t\t\t\t\t\t\t\t<span class=\"elementor-button-text\">Jak sjednat na\u0159\u00edzen\u00e9 setk\u00e1n\u00ed<\/span>\n\t\t\t\t\t<\/span>\n\t\t\t\t\t<\/a>\n\t\t\t\t\t\t\t\t<\/div>\n\t\t\t\t<\/div>\n\t\t\t\t\t<\/div>\n\t\t\t\t<\/div>\n\t\t<div class=\"elementor-element elementor-element-a6e8671 e-flex e-con-boxed e-con e-parent\" data-id=\"a6e8671\" data-element_type=\"container\" data-settings=\"{&quot;background_background&quot;:&quot;classic&quot;}\">\n\t\t\t\t\t<div class=\"e-con-inner\">\n\t\t\t\t<div class=\"elementor-element elementor-element-d300276 elementor-widget elementor-widget-spacer\" data-id=\"d300276\" data-element_type=\"widget\" data-widget_type=\"spacer.default\">\n\t\t\t\t\t\t\t<div class=\"elementor-spacer\">\n\t\t\t<div class=\"elementor-spacer-inner\"><\/div>\n\t\t<\/div>\n\t\t\t\t\t\t<\/div>\n\t\t\t\t<div class=\"elementor-element elementor-element-d4abf3b elementor-widget elementor-widget-heading\" data-id=\"d4abf3b\" data-element_type=\"widget\" data-widget_type=\"heading.default\">\n\t\t\t\t\t<h6 class=\"elementor-heading-title elementor-size-default\">Autorka byla hostem podcastu\nSales Caf\u00e9 s Janou<\/h6>\t\t\t\t<\/div>\n\t\t<div class=\"elementor-element elementor-element-349a888 e-grid e-con-full e-con e-child\" data-id=\"349a888\" data-element_type=\"container\">\n\t\t\t\t<div class=\"elementor-element elementor-element-1bf1a3f elementor-align-center elementor-widget elementor-widget-button\" data-id=\"1bf1a3f\" data-element_type=\"widget\" data-widget_type=\"button.default\">\n\t\t\t\t\t\t\t\t\t\t<a class=\"elementor-button elementor-button-link elementor-size-sm\" href=\"https:\/\/ceskepodcasty.cz\/podcast\/sales-cafe-s-janou\/61-mediator-dokaze-nasvetlit-konflikt-z-jineho-uhlu-rika-radka-medkova-zapsana-mediatorka\" target=\"_blank\">\n\t\t\t\t\t\t<span class=\"elementor-button-content-wrapper\">\n\t\t\t\t\t\t\t\t\t<span class=\"elementor-button-text\">Poslechout si epizodu<\/span>\n\t\t\t\t\t<\/span>\n\t\t\t\t\t<\/a>\n\t\t\t\t\t\t\t\t<\/div>\n\t\t\t\t<\/div>\n\t\t\t\t\t<\/div>\n\t\t\t\t<\/div>\n\t\t<div class=\"elementor-element elementor-element-70ee2981 e-con-full e-flex e-con e-parent\" data-id=\"70ee2981\" data-element_type=\"container\" data-settings=\"{&quot;background_background&quot;:&quot;classic&quot;}\">\n\t\t<div class=\"elementor-element elementor-element-213feb17 e-con-full e-flex e-con e-child\" data-id=\"213feb17\" data-element_type=\"container\">\n\t\t\t\t<div class=\"elementor-element elementor-element-9aa64ae elementor-widget elementor-widget-spacer\" data-id=\"9aa64ae\" data-element_type=\"widget\" data-widget_type=\"spacer.default\">\n\t\t\t\t\t\t\t<div class=\"elementor-spacer\">\n\t\t\t<div class=\"elementor-spacer-inner\"><\/div>\n\t\t<\/div>\n\t\t\t\t\t\t<\/div>\n\t\t\t\t<div class=\"elementor-element elementor-element-4da01422 elementor-widget elementor-widget-heading\" data-id=\"4da01422\" data-element_type=\"widget\" data-widget_type=\"heading.default\">\n\t\t\t\t\t<h2 class=\"elementor-heading-title elementor-size-default\">O autorce: Radka Medkov\u00e1\n<\/h2>\t\t\t\t<\/div>\n\t\t\t\t<div class=\"elementor-element elementor-element-5685504b elementor-widget elementor-widget-text-editor\" data-id=\"5685504b\" data-element_type=\"widget\" data-widget_type=\"text-editor.default\">\n\t\t\t\t\t\t\t\t\t<p class=\"p1\">Radka je vystudovan\u00e1 pr\u00e1vni\u010dka a zku\u0161en\u00e1 medi\u00e1torka, kter\u00e1 se vzd\u011bl\u00e1v\u00e1n\u00ed v\u011bnuje od roku 1999. Od roku 2010 p\u016fsob\u00ed jako profesion\u00e1ln\u00ed medi\u00e1torka a v roce 2018 zalo\u017eila Institut pro mediaci a pracovn\u00ed vztahy, kde spolu se stabiln\u00edm lektorsk\u00fdm t\u00fdmem \u0161kol\u00ed za\u010d\u00ednaj\u00edc\u00ed i pokro\u010dil\u00e9 medi\u00e1tory. Specializuje se na pracovn\u00ed pr\u00e1vo a mediaci v pracovn\u00edch vztaz\u00edch a sv\u00e9 dlouholet\u00e9 know-how vt\u011blila do knihy \u201ePraktick\u00e1 mediace\u201c i do nov\u00e9 publikace ve form\u011b praktick\u00fdch tah\u00e1k\u016f pro medi\u00e1tory, kter\u00e9 \u010dten\u00e1\u0159\u016fm pom\u00e1haj\u00ed osvojit si kl\u00ed\u010dov\u00e9 postupy a techniky mediace.<\/p>\t\t\t\t\t\t\t\t<\/div>\n\t\t\t\t<\/div>\n\t\t<div class=\"elementor-element elementor-element-61d5ddf7 e-con-full e-flex e-con e-child\" data-id=\"61d5ddf7\" data-element_type=\"container\">\n\t\t\t\t<div class=\"elementor-element elementor-element-7b59d790 elementor-widget elementor-widget-image\" data-id=\"7b59d790\" data-element_type=\"widget\" data-widget_type=\"image.default\">\n\t\t\t\t\t\t\t\t\t\t\t\t\t\t\t<img fetchpriority=\"high\" decoding=\"async\" width=\"742\" height=\"667\" src=\"https:\/\/praktickamediace.cz\/wp-content\/uploads\/2025\/11\/o-autorce-rm-foto-742x667-1.jpg\" class=\"attachment-full size-full wp-image-42\" alt=\"\" srcset=\"https:\/\/praktickamediace.cz\/wp-content\/uploads\/2025\/11\/o-autorce-rm-foto-742x667-1.jpg 742w, https:\/\/praktickamediace.cz\/wp-content\/uploads\/2025\/11\/o-autorce-rm-foto-742x667-1-600x539.jpg 600w, https:\/\/praktickamediace.cz\/wp-content\/uploads\/2025\/11\/o-autorce-rm-foto-742x667-1-300x270.jpg 300w\" sizes=\"(max-width: 742px) 100vw, 742px\" \/>\t\t\t\t\t\t\t\t\t\t\t\t\t\t\t<\/div>\n\t\t\t\t<\/div>\n\t\t\t\t<\/div>\n\t\t<div class=\"elementor-element elementor-element-14e91f7c e-flex e-con-boxed e-con e-parent\" data-id=\"14e91f7c\" data-element_type=\"container\" data-settings=\"{&quot;background_background&quot;:&quot;classic&quot;}\">\n\t\t\t\t\t<div class=\"e-con-inner\">\n\t\t\t\t<div class=\"elementor-element elementor-element-6a889ec elementor-widget elementor-widget-spacer\" data-id=\"6a889ec\" data-element_type=\"widget\" data-widget_type=\"spacer.default\">\n\t\t\t\t\t\t\t<div class=\"elementor-spacer\">\n\t\t\t<div class=\"elementor-spacer-inner\"><\/div>\n\t\t<\/div>\n\t\t\t\t\t\t<\/div>\n\t\t\t\t<div class=\"elementor-element elementor-element-496f1db elementor-widget elementor-widget-heading\" data-id=\"496f1db\" data-element_type=\"widget\" data-widget_type=\"heading.default\">\n\t\t\t\t\t<h2 class=\"elementor-heading-title elementor-size-default\">N\u00e1zor \u010dten\u00e1\u0159\u016f<\/h2>\t\t\t\t<\/div>\n\t\t\t\t<div class=\"elementor-element elementor-element-62d7b8a4 elementor-widget__width-initial elementor-widget-tablet__width-inherit elementor-testimonial--skin-default elementor-testimonial--layout-image_inline elementor-testimonial--align-center elementor-arrows-yes elementor-pagination-type-bullets elementor-widget elementor-widget-testimonial-carousel\" data-id=\"62d7b8a4\" data-element_type=\"widget\" data-settings=\"{&quot;show_arrows&quot;:&quot;yes&quot;,&quot;pagination&quot;:&quot;bullets&quot;,&quot;speed&quot;:500,&quot;space_between&quot;:{&quot;unit&quot;:&quot;px&quot;,&quot;size&quot;:10,&quot;sizes&quot;:[]},&quot;space_between_tablet&quot;:{&quot;unit&quot;:&quot;px&quot;,&quot;size&quot;:10,&quot;sizes&quot;:[]},&quot;space_between_mobile&quot;:{&quot;unit&quot;:&quot;px&quot;,&quot;size&quot;:10,&quot;sizes&quot;:[]}}\" data-widget_type=\"testimonial-carousel.default\">\n\t\t\t\t\t\t\t\t\t\t<div class=\"elementor-main-swiper swiper\" role=\"region\" aria-roledescription=\"carousel\" aria-label=\"Slides\">\n\t\t\t\t<div class=\"swiper-wrapper\">\n\t\t\t\t\t\t\t\t\t\t\t<div class=\"swiper-slide\" role=\"group\" aria-roledescription=\"slide\">\n\t\t\t\t\t\t\t\t\t<div class=\"elementor-testimonial\">\n\t\t\t\t\t\t\t<div class=\"elementor-testimonial__content\">\n\t\t\t\t\t<div class=\"elementor-testimonial__text\">\n\t\t\t\t\t\tJe p\u0159\u00edjemn\u00e9 sledovat, jak \u0159\u00e1dky t\u00e9to knihy plynou, tu pravou media\u010dn\u00ed energii autorky.\nPublikace zcela autenticky \u010dlov\u011bka vt\u00e1hne do origin\u00e1ln\u011b popisn\u00e9ho d\u011bje v\u00fdkonu \u010dinnosti zapsan\u00e9ho medi\u00e1tora, a to od prvn\u00edho kontaktu zapsan\u00e9 medi\u00e1torky a \u00fa\u010dastn\u00edk\u016f mediace, p\u0159es cel\u00fd pr\u016fb\u011bh mediace samotn\u00e9 a\u017e k f\u00e1zi media\u010dn\u00ed dohody, to v\u0161e za \u00fa\u010dasti stran mediace.\nObohacen\u00edm jsou konkr\u00e9tn\u00ed p\u0159\u00edklady \u010dinnosti zapsan\u00e9 medi\u00e1torky v nastaven\u00fdch situac\u00edch.\nKniha m\u00e1 \u0161irok\u00e9 spektrum jej\u00edch potenci\u00e1ln\u00edch \u010dten\u00e1\u0159\u016f. Je osv\u011b\u017euj\u00edc\u00ed, \u017ee adres\u00e1ty t\u00e9to knihy\nm\u016f\u017ee b\u00fdt \u0161irok\u00e1 ve\u0159ejnost, kter\u00e1 je\u0161t\u011b s mediac\u00ed nem\u00e1 zku\u0161enost nebo se o n\u00ed naopak chce\ndozv\u011bd\u011bt n\u011bco v\u00edc. Pom\u016fckou pak tato kniha m\u016f\u017ee b\u00fdt jednak pro medi\u00e1tory za\u010d\u00e1te\u010dn\u00edky,\nstejn\u011b tak jako pro praktikuj\u00edc\u00ed zapsan\u00e9 medi\u00e1tory. D\u00edlo je tak univerz\u00e1ln\u00ed, ale z\u00e1rove\u0148\nosobnostn\u011b autentick\u00e9, \u017ee je jedno, jestli se v textu najdou zapsan\u00ed medi\u00e1to\u0159i, kte\u0159\u00ed byli pr\u00e1v\u011b\nzaps\u00e1ni do Seznamu zapsan\u00fdch medi\u00e1tor\u016f veden\u00e9ho Ministerstvem spravedlnosti nebo ti, kte\u0159\u00ed se ve vod\u00e1ch \u010desk\u00e9 mediace pohybuj\u00ed ji\u017e r\u016fznorod\u00e9 mno\u017estv\u00ed let.\t\t\t\t\t<\/div>\n\t\t\t\t\t\t\t\t\t<\/div>\n\t\t\t\t\t\t<div class=\"elementor-testimonial__footer\">\n\t\t\t\t\t\t\t\t<cite class=\"elementor-testimonial__cite\"><span class=\"elementor-testimonial__name\">Mgr. Kate\u0159ina \u0160vajcrov\u00e1<\/span><span class=\"elementor-testimonial__title\">zapsan\u00e1 medi\u00e1torka, advok\u00e1tka<\/span><\/cite>\t\t\t<\/div>\n\t\t<\/div>\n\t\t\t\t\t\t\t\t<\/div>\n\t\t\t\t\t\t\t\t\t\t\t<div class=\"swiper-slide\" role=\"group\" aria-roledescription=\"slide\">\n\t\t\t\t\t\t\t\t\t<div class=\"elementor-testimonial\">\n\t\t\t\t\t\t\t<div class=\"elementor-testimonial__content\">\n\t\t\t\t\t<div class=\"elementor-testimonial__text\">\n\t\t\t\t\t\tKniha Radky Medkov\u00e9 Praktick\u00e1 mediace n\u00e1s zavede do oblasti spojen\u00e9 s \u0159e\u0161en\u00edm mezilidsk\u00fdch konflikt\u016f. \u010cten\u00e1\u0159 v n\u00ed nalezne v\u0161echny pot\u0159ebn\u00e9 informace souvisej\u00edc\u00ed s t\u00e9matem procesu mediace. Dost\u00e1v\u00e1 do rukou kucha\u0159ku, podle kter\u00e9 m\u016f\u017ee za\u010d\u00edt media\u010dn\u00ed kroky realizovat a dobrat se v\u00fdsledku, s kter\u00fdm budou spokojeni nejen jeho \u00fa\u010dastn\u00edci, ale i samotn\u00fd medi\u00e1tor. Jako proba\u010dn\u00ed \u00fa\u0159edn\u00edk se sna\u017e\u00edm vytv\u00e1\u0159et prostor pro spole\u010dn\u00e9 setk\u00e1n\u00ed pachatele trestn\u00e9ho \u010dinu a po\u0161kozen\u00e9 strany. Dlouho jsem hledala odpov\u011b\u010f na ot\u00e1zku, jak proces v\u00e9st tak, aby na jedn\u00e9 stran\u011b vykazoval znaky mediace, na druh\u00e9 stran\u011b, aby m\u011bli \u00fa\u010dastn\u00edci pocit, \u017ee bylo setk\u00e1n\u00ed k u\u017eitku a abych se i j\u00e1 se v roli medi\u00e1tora c\u00edtila alespo\u0148 trochu dob\u0159e. P\u0159ed n\u011bkolika lety jsem u Radky absolvovala kurz a tam jsem obdr\u017eela odpov\u011bdi na m\u00e9 ot\u00e1zky, a k tomu je\u0161t\u011b erudovanou, ale tak\u00e9 velmi z\u00e1bavnou formou. Nyn\u00ed v ruce dr\u017e\u00edm jej\u00ed knihu, o kter\u00e9 jsem p\u0159esv\u011bd\u010dena, \u017ee ten, kdo m\u00e1 mediaci r\u00e1d, p\u0159in\u00e1\u0161\u00ed mu smysl a radost z podpory komunikace stran, v n\u00ed nalezne v\u0161e d\u016fle\u017eit\u00e9 a pot\u0159ebn\u00e9, aby svou pr\u00e1ci d\u011blal s nejlep\u0161\u00edm v\u011bdom\u00edm. Publikace \u010derp\u00e1 z bohat\u00fdch praktick\u00fdch zku\u0161enost\u00ed, text je pln\u00fd p\u0159\u00edklad\u016f, p\u0159\u00edb\u011bh\u016f a v\u0161e je vysv\u011btleno velmi \u010dtiv\u011b, s d\u016frazem na lidskost, pestrost, barevnost. Zkr\u00e1tka tak, jak to Radka um\u00ed.Stejn\u00e9 to je i p\u0159i \u010dten\u00ed knihy Praktick\u00e1 mediace. Zn\u00e1m n\u011bkolik teoretick\u00fdch publikac\u00ed o mediaci, na t\u00e9to knize v\u0161ak oce\u0148uji praktick\u00fd p\u0159\u00edstup, kter\u00fd jasn\u011b vymezuje podstatu mediace, jej\u00ed smysl a c\u00edle.\t\t\t\t\t<\/div>\n\t\t\t\t\t\t\t\t\t<\/div>\n\t\t\t\t\t\t<div class=\"elementor-testimonial__footer\">\n\t\t\t\t\t\t\t\t<cite class=\"elementor-testimonial__cite\"><span class=\"elementor-testimonial__name\">Mgr. Martina Sch\u00e4ferov\u00e1<\/span><span class=\"elementor-testimonial__title\">vedouc\u00ed st\u0159ediska Proba\u010dn\u00ed a media\u010dn\u00ed slu\u017eby, Karlovy Vary<\/span><\/cite>\t\t\t<\/div>\n\t\t<\/div>\n\t\t\t\t\t\t\t\t<\/div>\n\t\t\t\t\t\t\t\t\t\t\t<div class=\"swiper-slide\" role=\"group\" aria-roledescription=\"slide\">\n\t\t\t\t\t\t\t\t\t<div class=\"elementor-testimonial\">\n\t\t\t\t\t\t\t<div class=\"elementor-testimonial__content\">\n\t\t\t\t\t<div class=\"elementor-testimonial__text\">\n\t\t\t\t\t\tPraktick\u00e1 mediace mi jako medi\u00e1torovi pom\u00e1h\u00e1 ukotvit se v procesu, srovnat my\u0161lenky a \u201enezapom\u00ednat\u201c na podstatn\u00e9 v\u011bci. Kdo zn\u00e1 autorku jako lektorku, pozn\u00e1 v knize rukopis jej\u00edch kurz\u016f. Praktick\u00e1 mediace je psan\u00e1 srozumiteln\u011b, je skute\u010dn\u011b praktick\u00e1 a n\u00e1zorn\u00e1. Tak jako Rad\u010diny kurzy\t\t\t\t\t<\/div>\n\t\t\t\t\t\t\t\t\t<\/div>\n\t\t\t\t\t\t<div class=\"elementor-testimonial__footer\">\n\t\t\t\t\t\t\t\t<cite class=\"elementor-testimonial__cite\"><span class=\"elementor-testimonial__name\">Mgr. Petra Petr\u016f<\/span><span class=\"elementor-testimonial__title\">advok\u00e1tka, zapsan\u00e1 medi\u00e1torka<\/span><\/cite>\t\t\t<\/div>\n\t\t<\/div>\n\t\t\t\t\t\t\t\t<\/div>\n\t\t\t\t\t\t\t\t\t\t\t<div class=\"swiper-slide\" role=\"group\" aria-roledescription=\"slide\">\n\t\t\t\t\t\t\t\t\t<div class=\"elementor-testimonial\">\n\t\t\t\t\t\t\t<div class=\"elementor-testimonial__content\">\n\t\t\t\t\t<div class=\"elementor-testimonial__text\">\n\t\t\t\t\t\tKniha Radky Medkov\u00e9 je velmi p\u0159ehledn\u00fdm a ilustrativn\u00edm pr\u016fvodcem media\u010dn\u00edm procesem. Jej\u00ed praktick\u00fd p\u0159\u00edstup nab\u00edz\u00ed bohat\u00e9 p\u0159\u00edklady a osv\u011bd\u010den\u00e9 techniky pro \u00fasp\u011b\u0161n\u00e9 \u0159e\u0161en\u00ed konflikt\u016f. V\u0159ele doporu\u010duji.\t\t\t\t\t<\/div>\n\t\t\t\t\t\t\t\t\t<\/div>\n\t\t\t\t\t\t<div class=\"elementor-testimonial__footer\">\n\t\t\t\t\t\t\t\t<cite class=\"elementor-testimonial__cite\"><span class=\"elementor-testimonial__name\">PhDr. Dana Poto\u010dkov\u00e1, MDR.<\/span><span class=\"elementor-testimonial__title\">zapsan\u00e1 medi\u00e1torka, lektorka mediace<\/span><\/cite>\t\t\t<\/div>\n\t\t<\/div>\n\t\t\t\t\t\t\t\t<\/div>\n\t\t\t\t\t\t\t\t\t\t\t<div class=\"swiper-slide\" role=\"group\" aria-roledescription=\"slide\">\n\t\t\t\t\t\t\t\t\t<div class=\"elementor-testimonial\">\n\t\t\t\t\t\t\t<div class=\"elementor-testimonial__content\">\n\t\t\t\t\t<div class=\"elementor-testimonial__text\">\n\t\t\t\t\t\tKn\u00ed\u017eka Radky Medkov\u00e9 by se tak\u00e9 mohla jmenovat \u2018Recept\u00e1\u0159 pro dob\u0159e stravitelnou mediaci\u2019. Na rozd\u00edl o jin\u00fdch teoreticky pojat\u00fdch publikac\u00ed je tato pojata velmi prakticky a zejm\u00e9na za\u010d\u00e1te\u010dn\u00edk\u016fm bude u\u017eite\u010dn\u00fdm pr\u016fvodcem i oporou p\u0159i veden\u00ed procesu mediace.\t\t\t\t\t<\/div>\n\t\t\t\t\t\t\t\t\t<\/div>\n\t\t\t\t\t\t<div class=\"elementor-testimonial__footer\">\n\t\t\t\t\t\t\t\t<cite class=\"elementor-testimonial__cite\"><span class=\"elementor-testimonial__name\">PhDr. Dana Rabi\u0148\u00e1kov\u00e1<\/span><span class=\"elementor-testimonial__title\">medi\u00e1torka, lektorka mediace<\/span><\/cite>\t\t\t<\/div>\n\t\t<\/div>\n\t\t\t\t\t\t\t\t<\/div>\n\t\t\t\t\t\t\t\t\t\t\t<div class=\"swiper-slide\" role=\"group\" aria-roledescription=\"slide\">\n\t\t\t\t\t\t\t\t\t<div class=\"elementor-testimonial\">\n\t\t\t\t\t\t\t<div class=\"elementor-testimonial__content\">\n\t\t\t\t\t<div class=\"elementor-testimonial__text\">\n\t\t\t\t\t\tSetk\u00e1n\u00ed s Rad\u010dinou knihou je stejn\u011b p\u0159\u00ednosn\u00e9 jako Radkou samotnou. Zn\u00e1me se ji\u017e \u010dtvrt stolet\u00ed. M\u011bl jsem mo\u017enost s Radkou mnohokr\u00e1t spolupracovat jako lektor nebo ji pozvat na vzd\u011bl\u00e1vac\u00ed semin\u00e1\u0159e pro pedagogy, kter\u00e9 \u010das od \u010dasu organizuji. V\u017edy \u0161lo u m\u011b i u \u00fa\u010dastn\u00edk\u016f semin\u00e1\u0159\u016f k z\u00edsk\u00e1n\u00ed informac\u00ed srozumitelnou formou s vyu\u017eit\u00edm jej\u00edch zku\u0161enost\u00ed z praxe. V\u0161e prob\u00edh\u00e1 v p\u0159\u00edjemn\u00e9 atmosf\u00e9\u0159e a d\u00edky Rad\u010din\u011b energii jsou \u00fa\u010dastn\u00edci p\u0159ekvapeni, jak spole\u010dn\u011b str\u00e1ven\u00fd \u010das rychle utekl.\nStejn\u00e9 to je i p\u0159i \u010dten\u00ed knihy Praktick\u00e1 mediace. Zn\u00e1m n\u011bkolik teoretick\u00fdch publikac\u00ed o mediaci, na t\u00e9to knize v\u0161ak oce\u0148uji praktick\u00fd p\u0159\u00edstup, kter\u00fd jasn\u011b vymezuje podstatu mediace, jej\u00ed smysl a c\u00edle.\t\t\t\t\t<\/div>\n\t\t\t\t\t\t\t\t\t<\/div>\n\t\t\t\t\t\t<div class=\"elementor-testimonial__footer\">\n\t\t\t\t\t\t\t\t<cite class=\"elementor-testimonial__cite\"><span class=\"elementor-testimonial__name\">Mgr. Ji\u0159\u00ed Sixta<\/span><span class=\"elementor-testimonial__title\">Lektor, pedagog, p\u0159edseda Krajsk\u00e9 rady St\u0159edo\u010desk\u00e9ho kraje \u010ceskomoravsk\u00e9ho odborov\u00e9ho svaz pracovn\u00edk\u016f \u0161kolstv\u00ed<\/span><\/cite>\t\t\t<\/div>\n\t\t<\/div>\n\t\t\t\t\t\t\t\t<\/div>\n\t\t\t\t\t\t\t\t\t<\/div>\n\t\t\t\t\t\t\t\t\t\t\t\t\t\t\t<div class=\"elementor-swiper-button elementor-swiper-button-prev\" role=\"button\" tabindex=\"0\" aria-label=\"Previous\">\n\t\t\t\t\t\t\t<svg aria-hidden=\"true\" class=\"e-font-icon-svg e-eicon-chevron-left\" viewBox=\"0 0 1000 1000\" xmlns=\"http:\/\/www.w3.org\/2000\/svg\"><path d=\"M646 125C629 125 613 133 604 142L308 442C296 454 292 471 292 487 292 504 296 521 308 533L604 854C617 867 629 875 646 875 663 875 679 871 692 858 704 846 713 829 713 812 713 796 708 779 692 767L438 487 692 225C700 217 708 204 708 187 708 171 704 154 692 142 675 129 663 125 646 125Z\"><\/path><\/svg>\t\t\t\t\t\t<\/div>\n\t\t\t\t\t\t<div class=\"elementor-swiper-button elementor-swiper-button-next\" role=\"button\" tabindex=\"0\" aria-label=\"Next\">\n\t\t\t\t\t\t\t<svg aria-hidden=\"true\" class=\"e-font-icon-svg e-eicon-chevron-right\" viewBox=\"0 0 1000 1000\" xmlns=\"http:\/\/www.w3.org\/2000\/svg\"><path d=\"M696 533C708 521 713 504 713 487 713 471 708 454 696 446L400 146C388 133 375 125 354 125 338 125 325 129 313 142 300 154 292 171 292 187 292 204 296 221 308 233L563 492 304 771C292 783 288 800 288 817 288 833 296 850 308 863 321 871 338 875 354 875 371 875 388 867 400 854L696 533Z\"><\/path><\/svg>\t\t\t\t\t\t<\/div>\n\t\t\t\t\t\t\t\t\t\t\t\t\t\t\t\t<div class=\"swiper-pagination\"><\/div>\n\t\t\t\t\t\t\t\t\t\t\t\t<\/div>\n\t\t\t\t\t\t\t\t<\/div>\n\t\t\t\t\t<\/div>\n\t\t\t\t<\/div>\n\t\t\t\t<\/div>\n\t\t","protected":false},"excerpt":{"rendered":"<p>Otev\u0159ete dve\u0159e k efektivn\u00edmu \u0159e\u0161en\u00ed konflikt\u016f s na\u0161imi knihami Z\u00edskat knihu Praktick\u00e1 mediace Z\u00edskat Moudroprudiv\u00e1 ok\u00e9nka &#8211; medi\u00e1torovy kapesn\u00ed tah\u00e1ky [&hellip;]<\/p>\n","protected":false},"author":1,"featured_media":0,"parent":0,"menu_order":0,"comment_status":"closed","ping_status":"closed","template":"","meta":{"site-sidebar-layout":"default","site-content-layout":"","ast-site-content-layout":"default","site-content-style":"default","site-sidebar-style":"default","ast-global-header-display":"","ast-banner-title-visibility":"","ast-main-header-display":"","ast-hfb-above-header-display":"","ast-hfb-below-header-display":"","ast-hfb-mobile-header-display":"","site-post-title":"","ast-breadcrumbs-content":"","ast-featured-img":"","footer-sml-layout":"","ast-disable-related-posts":"","theme-transparent-header-meta":"","adv-header-id-meta":"","stick-header-meta":"","header-above-stick-meta":"","header-main-stick-meta":"","header-below-stick-meta":"","astra-migrate-meta-layouts":"default","ast-page-background-enabled":"default","ast-page-background-meta":{"desktop":{"background-color":"var(--ast-global-color-5)","background-image":"","background-repeat":"repeat","background-position":"center center","background-size":"auto","background-attachment":"scroll","background-type":"","background-media":"","overlay-type":"","overlay-color":"","overlay-opacity":"","overlay-gradient":""},"tablet":{"background-color":"","background-image":"","background-repeat":"repeat","background-position":"center center","background-size":"auto","background-attachment":"scroll","background-type":"","background-media":"","overlay-type":"","overlay-color":"","overlay-opacity":"","overlay-gradient":""},"mobile":{"background-color":"","background-image":"","background-repeat":"repeat","background-position":"center center","background-size":"auto","background-attachment":"scroll","background-type":"","background-media":"","overlay-type":"","overlay-color":"","overlay-opacity":"","overlay-gradient":""}},"ast-content-background-meta":{"desktop":{"background-color":"var(--ast-global-color-4)","background-image":"","background-repeat":"repeat","background-position":"center center","background-size":"auto","background-attachment":"scroll","background-type":"","background-media":"","overlay-type":"","overlay-color":"","overlay-opacity":"","overlay-gradient":""},"tablet":{"background-color":"var(--ast-global-color-4)","background-image":"","background-repeat":"repeat","background-position":"center center","background-size":"auto","background-attachment":"scroll","background-type":"","background-media":"","overlay-type":"","overlay-color":"","overlay-opacity":"","overlay-gradient":""},"mobile":{"background-color":"var(--ast-global-color-4)","background-image":"","background-repeat":"repeat","background-position":"center center","background-size":"auto","background-attachment":"scroll","background-type":"","background-media":"","overlay-type":"","overlay-color":"","overlay-opacity":"","overlay-gradient":""}},"footnotes":""},"class_list":["post-15","page","type-page","status-publish","hentry"],"_links":{"self":[{"href":"https:\/\/praktickamediace.cz\/index.php?rest_route=\/wp\/v2\/pages\/15","targetHints":{"allow":["GET"]}}],"collection":[{"href":"https:\/\/praktickamediace.cz\/index.php?rest_route=\/wp\/v2\/pages"}],"about":[{"href":"https:\/\/praktickamediace.cz\/index.php?rest_route=\/wp\/v2\/types\/page"}],"author":[{"embeddable":true,"href":"https:\/\/praktickamediace.cz\/index.php?rest_route=\/wp\/v2\/users\/1"}],"replies":[{"embeddable":true,"href":"https:\/\/praktickamediace.cz\/index.php?rest_route=%2Fwp%2Fv2%2Fcomments&post=15"}],"version-history":[{"count":58,"href":"https:\/\/praktickamediace.cz\/index.php?rest_route=\/wp\/v2\/pages\/15\/revisions"}],"predecessor-version":[{"id":228,"href":"https:\/\/praktickamediace.cz\/index.php?rest_route=\/wp\/v2\/pages\/15\/revisions\/228"}],"wp:attachment":[{"href":"https:\/\/praktickamediace.cz\/index.php?rest_route=%2Fwp%2Fv2%2Fmedia&parent=15"}],"curies":[{"name":"wp","href":"https:\/\/api.w.org\/{rel}","templated":true}]}}